{"id":57,"date":"2018-01-22T16:53:18","date_gmt":"2018-01-22T15:53:18","guid":{"rendered":"http:\/\/www.plcprog.hu\/plc\/?page_id=57"},"modified":"2018-02-09T18:58:28","modified_gmt":"2018-02-09T17:58:28","slug":"plc-es-hmi-programozas","status":"publish","type":"page","link":"https:\/\/www.plcprog.hu\/plc\/plc-es-hmi-programozas\/","title":{"rendered":"PLC \u00e9s HMI programoz\u00e1s"},"content":{"rendered":"<h2><strong>PLC<\/strong><strong> \u00e9<\/strong><em><strong>s<\/strong><\/em><strong> HM<\/strong><strong>I<\/strong><strong> programo<\/strong><strong>z\u00e1s<\/strong><\/h2>\n<h3>Siemens \u00e9s Schneider PLC \u00e9s HMI programoz\u00e1s, hibakeres\u00e9s, r\u00e9szegys\u00e9gek cser\u00e9je, programok fejleszt\u00e9se.<\/h3>\n<figure id=\"attachment_168\" aria-describedby=\"caption-attachment-168\" style=\"width: 140px\" class=\"wp-caption alignright\"><img loading=\"lazy\" decoding=\"async\" class=\"size-thumbnail wp-image-168\" src=\"https:\/\/www.plcprog.hu\/plc\/wp-content\/uploads\/2018\/02\/IMG_20180104_144124-150x150.jpg\" alt=\"\" width=\"150\" height=\"150\" \/><figcaption id=\"caption-attachment-168\" class=\"wp-caption-text\">dav<\/figcaption><\/figure>\n<p>Az apr\u00f3 m\u00f3dos\u00edt\u00e1s vagy teljes berendez\u00e9s programoz\u00e1s. \u00daj term\u00e9ket, esetleg \u00faj szersz\u00e1mot vagy kieg\u00e9sz\u00edt\u0151 egys\u00e9get szeretne a berendez\u00e9s\u00e9be integr\u00e1lni? Megoldjuk!<\/p>\n<h3>Hajt\u00e1svez\u00e9rl\u00e9sek, frekvenciav\u00e1lt\u00f3k jav\u00edt\u00e1sa, cser\u00e9je, illetve optimaliz\u00e1l\u00e1sa.<\/h3>\n<p>T\u00f6nkrement, meghib\u00e1sodott vez\u00e9rl\u00e9sek \u00e9s motorok cser\u00e9je. Nincs meg az eredeti param\u00e9ter lista? Nem probl\u00e9ma, ezt is megoldjuk!<\/p>\n<h3>Egyedi ig\u00e9nyek kidolgoz\u00e1sa \u00e9s megval\u00f3s\u00edt\u00e1sa.<\/h3>\n<p>Amennyiben van egy j\u00f3 \u00f6tlete, de nem tudja hogyan kellene megval\u00f3s\u00edtani, mi seg\u00edt\u00fcnk. Keressen bizalommal.<\/p>\n<h3>T\u00e1vfel\u00fcgyelet ki\u00e9p\u00edt\u00e9se, \u00fczemeltet\u00e9se.<\/h3>\n<p>Teljes t\u00e1vfel\u00fcgyeleti rendszert\u0151l az egyszer\u0171 beavatkoz\u00e1sokig. Gyakran el\u0151fordul, hogy egy h\u00e9tv\u00e9gi le\u00e1ll\u00e1s ut\u00e1n nem indulnak el a berendez\u00e9sek? T\u00e1vfel\u00fcgyelettel megoldhat\u00f3.<\/p>\n<h3>Scada rendszerek ki\u00e9p\u00edt\u00e9se \u00e9s \u00fczemeltet\u00e9se ak\u00e1r WEB alap\u00fa hozz\u00e1f\u00e9r\u00e9ssel.\u00a0<img loading=\"lazy\" decoding=\"async\" class=\"size-thumbnail wp-image-242 alignright\" src=\"https:\/\/www.plcprog.hu\/plc\/wp-content\/uploads\/2018\/02\/op1-1-150x150.jpg\" alt=\"Scada programoz\u00e1s\" width=\"150\" height=\"150\" \/><\/h3>\n<p>T\u00e1volr\u00f3l esetleg otthonr\u00f3l is szeretn\u00e9 nyomonk\u00f6vetni a berendez\u00e9sek termel\u00e9kenys\u00e9g\u00e9t? Pontos k\u00e9pet szeretne kapni a berendez\u00e9s ciklusidej\u00e9r\u0151l, meg\u00e1ll\u00e1sair\u00f3l, illetve hib\u00e1ir\u00f3l? Egy j\u00f3l fel\u00e9p\u00edtett Scada rendszer seg\u00edt \u00d6nnek ebben. Keressen bizalommal.\u00a0 \u00a0(Scada rendszerekr\u0151l b\u0151vebb inform\u00e1ci\u00f3t a lenti linken tal\u00e1l)<\/p>\n<p><a href=\"https:\/\/www.plcprog.hu\/plc\/plc-programozas\/\">PLC programoz\u00e1sr\u00f3l b\u0151vebben.<\/a><\/p>\n<p><a href=\"https:\/\/www.plcprog.hu\/plc\/hmi-programozas\/\">HMI programoz\u00e1sr\u00f3l b\u0151vebben.<\/a><\/p>\n<p><a href=\"https:\/\/www.plcprog.hu\/plc\/scada-rendszerek\/\">Scada rendszerekr\u0151l b\u0151vebben.<\/a><\/p>\n","protected":false},"excerpt":{"rendered":"<p>PLC \u00e9s HMI programoz\u00e1s Siemens \u00e9s Schneider PLC \u00e9s HMI programoz\u00e1s, hibakeres\u00e9s, r\u00e9szegys\u00e9gek cser\u00e9je, programok fejleszt\u00e9se. Az apr\u00f3 m\u00f3dos\u00edt\u00e1s vagy teljes berendez\u00e9s programoz\u00e1s. \u00daj term\u00e9ket, esetleg \u00faj szersz\u00e1mot vagy kieg\u00e9sz\u00edt\u0151 egys\u00e9get szeretne a berendez\u00e9s\u00e9be integr\u00e1lni? Megoldjuk! Hajt\u00e1svez\u00e9rl\u00e9sek, frekvenciav\u00e1lt\u00f3k jav\u00edt\u00e1sa, cser\u00e9je, illetve optimaliz\u00e1l\u00e1sa. T\u00f6nkrement, meghib\u00e1sodott vez\u00e9rl\u00e9sek \u00e9s motorok cser\u00e9je. Nincs meg az eredeti param\u00e9ter lista? Nem &#8230; <a title=\"PLC \u00e9s HMI programoz\u00e1s\" class=\"read-more\" href=\"https:\/\/www.plcprog.hu\/plc\/plc-es-hmi-programozas\/\" aria-label=\"Read more about PLC \u00e9s HMI programoz\u00e1s\">Olvass tov\u00e1bb<\/a><\/p>\n","protected":false},"author":1,"featured_media":0,"parent":0,"menu_order":0,"comment_status":"closed","ping_status":"closed","template":"","meta":{"footnotes":""},"class_list":["post-57","page","type-page","status-publish"],"_links":{"self":[{"href":"https:\/\/www.plcprog.hu\/plc\/wp-json\/wp\/v2\/pages\/57","targetHints":{"allow":["GET"]}}],"collection":[{"href":"https:\/\/www.plcprog.hu\/plc\/wp-json\/wp\/v2\/pages"}],"about":[{"href":"https:\/\/www.plcprog.hu\/plc\/wp-json\/wp\/v2\/types\/page"}],"author":[{"embeddable":true,"href":"https:\/\/www.plcprog.hu\/plc\/wp-json\/wp\/v2\/users\/1"}],"replies":[{"embeddable":true,"href":"https:\/\/www.plcprog.hu\/plc\/wp-json\/wp\/v2\/comments?post=57"}],"version-history":[{"count":11,"href":"https:\/\/www.plcprog.hu\/plc\/wp-json\/wp\/v2\/pages\/57\/revisions"}],"predecessor-version":[{"id":248,"href":"https:\/\/www.plcprog.hu\/plc\/wp-json\/wp\/v2\/pages\/57\/revisions\/248"}],"wp:attachment":[{"href":"https:\/\/www.plcprog.hu\/plc\/wp-json\/wp\/v2\/media?parent=57"}],"curies":[{"name":"wp","href":"https:\/\/api.w.org\/{rel}","templated":true}]}}